{"id":2851,"date":"2020-06-08T16:04:49","date_gmt":"2020-06-08T14:04:49","guid":{"rendered":"https:\/\/www.pastificiograziano.it\/?post_type=product&#038;p=2851"},"modified":"2020-06-08T16:11:08","modified_gmt":"2020-06-08T14:11:08","slug":"cannazze","status":"publish","type":"product","link":"https:\/\/www.pastificiograziano.it\/fr\/pasta-artigianale\/pates-longues\/cannazze\/","title":{"rendered":"Cannazze"},"content":{"rendered":"<div class=\"wpb-content-wrapper\">[vc_row][vc_column][mk_table]\n<div class=\"tab-nutri\">\n<table width=\"100%\">\n<thead>\n<tr>\n<th colspan=\"2\">\n<h3>Valeurs moyennes pour 100 g de produit<\/h3>\n<\/th>\n<\/tr>\n<\/thead>\n<tbody>\n<tr>\n<td style=\"text-align: left;\"><strong>\u00e9nergie<\/strong><\/td>\n<td style=\"text-align: right;\"><strong>1492KJ\/352Kcal<\/strong><\/td>\n<\/tr>\n<tr>\n<td style=\"text-align: left;\"><strong>Lipides<\/strong><\/td>\n<td style=\"text-align: right;\"><strong>0,5 g<\/strong><\/td>\n<\/tr>\n<tr>\n<td style=\"text-align: left;\"><strong>dont acides gras satur\u00e9s<\/strong><\/td>\n<td style=\"text-align: right;\"><strong>0,3 g<\/strong><\/td>\n<\/tr>\n<tr>\n<td style=\"text-align: left;\"><strong>Glucides<\/strong><\/td>\n<td style=\"text-align: right;\"><strong>74 g<\/strong><\/td>\n<\/tr>\n<tr>\n<td style=\"text-align: left;\"><strong>quel sucre<\/strong><\/td>\n<td style=\"text-align: right;\"><strong>1,8 g<\/strong><\/td>\n<\/tr>\n<tr>\n<td style=\"text-align: left;\"><strong>Fibres<\/strong><\/td>\n<td style=\"text-align: right;\"><strong>3,5 g<\/strong><\/td>\n<\/tr>\n<tr>\n<td style=\"text-align: left;\"><strong>Prot\u00e9ines<\/strong><\/td>\n<td style=\"text-align: right;\"><strong>13 g<\/strong><\/td>\n<\/tr>\n<tr>\n<td style=\"text-align: left;\"><strong>Sel<\/strong><\/td>\n<td style=\"text-align: right;\"><strong>0,03 g<\/strong><\/td>\n<\/tr>\n<tr>\n<td style=\"text-align: left;\" colspan=\"2\">Analyse par le d\u00e9partement de chimie et biologie: A. Zambelli Universit\u00e0 degli Studi di Salerno.<\/td>\n<\/tr>\n<\/tbody>\n<\/table>\n<\/div>\n[\/mk_table][\/vc_column][\/vc_row]\n<\/div>","protected":false},"excerpt":{"rendered":"<p>P\u00c2TES ALIMENTAIRES DE BL\u00c9 DUR<\/p>\n<p> [vc_row][vc_column][mk_icon_box2 icon_type=\u00a0\u00bbimage\u00a0\u00bb icon_size=\u00a0\u00bbinherit\u00a0\u00bb icon_image=\u00a0\u00bbhttps:\/\/www.pastificiograziano.it\/wp-content\/uploads\/2018\/04\/cottura.png\u00a0\u00bb title=\u00a0\u00bbTemps de cuisson 12\/13 min\u00a0\u00bb title_size=\u00a0\u00bb24&Prime; title_weight=\u00a0\u00bbbold\u00a0\u00bb title_color=\u00a0\u00bb#004c45&Prime; align=\u00a0\u00bbleft\u00a0\u00bb el_class=\u00a0\u00bbfloat-left\u00a0\u00bb][\/mk_icon_box2][mk_icon_box2 icon_type=\u00a0\u00bbimage\u00a0\u00bb icon_size=\u00a0\u00bbinherit\u00a0\u00bb icon_image=\u00a0\u00bbhttps:\/\/www.pastificiograziano.it\/wp-content\/uploads\/2018\/04\/icona-grano.png\u00a0\u00bb title=\u00a0\u00bbSemoule de bl\u00e9 dur 100% italienne\u00a0\u00bb title_size=\u00a0\u00bb24&Prime; title_weight=\u00a0\u00bbbold\u00a0\u00bb title_color=\u00a0\u00bb#004c45&Prime; align=\u00a0\u00bbleft\u00a0\u00bb el_class=\u00a0\u00bbfloat-left\u00a0\u00bb][\/mk_icon_box2][mk_icon_box2 icon_type=\u00a0\u00bbimage\u00a0\u00bb icon_size=\u00a0\u00bbinherit\u00a0\u00bb icon_image=\u00a0\u00bbhttps:\/\/www.pastificiograziano.it\/wp-content\/uploads\/2018\/04\/trafila.png\u00a0\u00bb title=\u00a0\u00bbBronze meurent\u00a0\u00bb title_size=\u00a0\u00bb24&Prime; title_weight=\u00a0\u00bbbold\u00a0\u00bb title_color=\u00a0\u00bb#004c45&Prime; align=\u00a0\u00bbleft\u00a0\u00bb el_class=\u00a0\u00bbfloat-left\u00a0\u00bb][\/mk_icon_box2][mk_icon_box2 icon_type=\u00a0\u00bbimage\u00a0\u00bb icon_size=\u00a0\u00bbinherit\u00a0\u00bb icon_image=\u00a0\u00bbhttps:\/\/www.pastificiograziano.it\/wp-content\/uploads\/2018\/04\/essiccazione-lenta.png\u00a0\u00bb title=\u00a0\u00bbS\u00e9chage lent \u00e0 basse temp\u00e9rature\u00a0\u00bb title_size=\u00a0\u00bb24&Prime; title_weight=\u00a0\u00bbbold\u00a0\u00bb title_color=\u00a0\u00bb#004c45&Prime; align=\u00a0\u00bbleft\u00a0\u00bb el_class=\u00a0\u00bbfloat-left\u00a0\u00bb][\/mk_icon_box2][mk_icon_box2 icon_type=\u00a0\u00bbimage\u00a0\u00bb icon_size=\u00a0\u00bbinherit\u00a0\u00bb icon_image=\u00a0\u00bbhttps:\/\/www.pastificiograziano.it\/wp-content\/uploads\/2018\/04\/icona-formato.png\u00a0\u00bb title=\u00a0\u00bbFormat sp\u00e9cial\u00a0\u00bb title_size=\u00a0\u00bb24&Prime; title_weight=\u00a0\u00bbbold\u00a0\u00bb title_color=\u00a0\u00bb#004c45&Prime; align=\u00a0\u00bbleft\u00a0\u00bb el_class=\u00a0\u00bbfloat-left\u00a0\u00bb][\/mk_icon_box2][\/vc_column][\/vc_row]<\/p>\n","protected":false},"featured_media":2854,"template":"","meta":[],"product_brand":[],"product_cat":[54],"product_tag":[],"class_list":{"0":"post-2851","1":"product","2":"type-product","3":"status-publish","4":"has-post-thumbnail","6":"product_cat-pates-longues","8":"first","9":"instock","10":"shipping-taxable","11":"product-type-simple"},"_links":{"self":[{"href":"https:\/\/www.pastificiograziano.it\/fr\/wp-json\/wp\/v2\/product\/2851","targetHints":{"allow":["GET"]}}],"collection":[{"href":"https:\/\/www.pastificiograziano.it\/fr\/wp-json\/wp\/v2\/product"}],"about":[{"href":"https:\/\/www.pastificiograziano.it\/fr\/wp-json\/wp\/v2\/types\/product"}],"wp:featuredmedia":[{"embeddable":true,"href":"https:\/\/www.pastificiograziano.it\/fr\/wp-json\/wp\/v2\/media\/2854"}],"wp:attachment":[{"href":"https:\/\/www.pastificiograziano.it\/fr\/wp-json\/wp\/v2\/media?parent=2851"}],"wp:term":[{"taxonomy":"product_brand","embeddable":true,"href":"https:\/\/www.pastificiograziano.it\/fr\/wp-json\/wp\/v2\/product_brand?post=2851"},{"taxonomy":"product_cat","embeddable":true,"href":"https:\/\/www.pastificiograziano.it\/fr\/wp-json\/wp\/v2\/product_cat?post=2851"},{"taxonomy":"product_tag","embeddable":true,"href":"https:\/\/www.pastificiograziano.it\/fr\/wp-json\/wp\/v2\/product_tag?post=2851"}],"curies":[{"name":"wp","href":"https:\/\/api.w.org\/{rel}","templated":true}]}}