{"id":2870,"date":"2020-06-08T16:28:10","date_gmt":"2020-06-08T14:28:10","guid":{"rendered":"https:\/\/www.pastificiograziano.it\/?post_type=product&#038;p=2870"},"modified":"2020-06-08T16:32:43","modified_gmt":"2020-06-08T14:32:43","slug":"linguine","status":"publish","type":"product","link":"https:\/\/www.pastificiograziano.it\/es\/pasta-artigianale\/pasta-larga\/linguine\/","title":{"rendered":"Linguine"},"content":{"rendered":"<div class=\"wpb-content-wrapper\">[vc_row][vc_column][mk_table]\n<div class=\"tab-nutri\">\n<table width=\"100%\">\n<thead>\n<tr>\n<th colspan=\"2\">\n<h3>Valores nutritivos medios por 100 g de producto<\/h3>\n<\/th>\n<\/tr>\n<\/thead>\n<tbody>\n<tr>\n<td style=\"text-align: left;\"><strong>Energia<\/strong><\/td>\n<td style=\"text-align: right;\"><strong>1492KJ\/352Kcal<\/strong><\/td>\n<\/tr>\n<tr>\n<td style=\"text-align: left;\"><strong>Grasas<\/strong><\/td>\n<td style=\"text-align: right;\"><strong>0,5 g<\/strong><\/td>\n<\/tr>\n<tr>\n<td style=\"text-align: left;\"><strong>de los cuales \u00e1cidos grasos saturados<\/strong><\/td>\n<td style=\"text-align: right;\"><strong>0,3 g<\/strong><\/td>\n<\/tr>\n<tr>\n<td style=\"text-align: left;\"><strong>Carbohidratos<\/strong><\/td>\n<td style=\"text-align: right;\"><strong>74 g<\/strong><\/td>\n<\/tr>\n<tr>\n<td style=\"text-align: left;\"><strong>que az\u00facar<\/strong><\/td>\n<td style=\"text-align: right;\"><strong>1,8 g<\/strong><\/td>\n<\/tr>\n<tr>\n<td style=\"text-align: left;\"><strong>Fibras<\/strong><\/td>\n<td style=\"text-align: right;\"><strong>3,5 g<\/strong><\/td>\n<\/tr>\n<tr>\n<td style=\"text-align: left;\"><strong>Prote\u00ednas<\/strong><\/td>\n<td style=\"text-align: right;\"><strong>13 g<\/strong><\/td>\n<\/tr>\n<tr>\n<td style=\"text-align: left;\"><strong>Sal<\/strong><\/td>\n<td style=\"text-align: right;\"><strong>0,03 g<\/strong><\/td>\n<\/tr>\n<tr>\n<td style=\"text-align: left;\" colspan=\"2\">An\u00e1lisis bajo la direcci\u00f3n del departamento de qu\u00edmica y de biolog\u00eda: A. Zambelli Universit\u00e0 degli Studi di Salerno.<\/td>\n<\/tr>\n<\/tbody>\n<\/table>\n<\/div>\n[\/mk_table][\/vc_column][\/vc_row]\n<\/div>","protected":false},"excerpt":{"rendered":"<p>PASTA DE S\u00c9MOLA DE TRIGO DURO<\/p>\n<p> [vc_row][vc_column][mk_icon_box2 icon_type=\u00bbimage\u00bb icon_size=\u00bbinherit\u00bb icon_image=\u00bbhttps:\/\/www.pastificiograziano.it\/wp-content\/uploads\/2018\/04\/cottura.png\u00bb title=\u00bbTiempo de cocci\u00f3n 12\/13 min\u00bb title_size=\u00bb24&#8243; title_weight=\u00bbbold\u00bb title_color=\u00bb#004c45&#8243; align=\u00bbleft\u00bb el_class=\u00bbfloat-left\u00bb][\/mk_icon_box2][mk_icon_box2 icon_type=\u00bbimage\u00bb icon_size=\u00bbinherit\u00bb icon_image=\u00bbhttps:\/\/www.pastificiograziano.it\/wp-content\/uploads\/2018\/04\/icona-grano.png\u00bb title=\u00bbS\u00e9mola 100% italiana de trigo duro\u00bb title_size=\u00bb24&#8243; title_weight=\u00bbbold\u00bb title_color=\u00bb#004c45&#8243; align=\u00bbleft\u00bb el_class=\u00bbfloat-left\u00bb][\/mk_icon_box2][mk_icon_box2 icon_type=\u00bbimage\u00bb icon_size=\u00bbinherit\u00bb icon_image=\u00bbhttps:\/\/www.pastificiograziano.it\/wp-content\/uploads\/2018\/04\/trafila.png\u00bb title=\u00bbMorir de bronce\u00bb title_size=\u00bb24&#8243; title_weight=\u00bbbold\u00bb title_color=\u00bb#004c45&#8243; align=\u00bbleft\u00bb el_class=\u00bbfloat-left\u00bb][\/mk_icon_box2][mk_icon_box2 icon_type=\u00bbimage\u00bb icon_size=\u00bbinherit\u00bb icon_image=\u00bbhttps:\/\/www.pastificiograziano.it\/wp-content\/uploads\/2018\/04\/essiccazione-lenta.png\u00bb title=\u00bbSecado lento a baja temperatura\u00bb title_size=\u00bb24&#8243; title_weight=\u00bbbold\u00bb title_color=\u00bb#004c45&#8243; align=\u00bbleft\u00bb el_class=\u00bbfloat-left\u00bb][\/mk_icon_box2][mk_icon_box2 icon_type=\u00bbimage\u00bb icon_size=\u00bbinherit\u00bb icon_image=\u00bbhttps:\/\/www.pastificiograziano.it\/wp-content\/uploads\/2018\/04\/icona-formato.png\u00bb title=\u00bbFormato especial\u00bb title_size=\u00bb24&#8243; title_weight=\u00bbbold\u00bb title_color=\u00bb#004c45&#8243; align=\u00bbleft\u00bb el_class=\u00bbfloat-left\u00bb][\/mk_icon_box2][\/vc_column][\/vc_row]<\/p>\n","protected":false},"featured_media":2876,"template":"","meta":[],"product_brand":[],"product_cat":[56],"product_tag":[],"class_list":{"0":"post-2870","1":"product","2":"type-product","3":"status-publish","4":"has-post-thumbnail","6":"product_cat-pasta-larga","8":"first","9":"instock","10":"shipping-taxable","11":"product-type-simple"},"_links":{"self":[{"href":"https:\/\/www.pastificiograziano.it\/es\/wp-json\/wp\/v2\/product\/2870","targetHints":{"allow":["GET"]}}],"collection":[{"href":"https:\/\/www.pastificiograziano.it\/es\/wp-json\/wp\/v2\/product"}],"about":[{"href":"https:\/\/www.pastificiograziano.it\/es\/wp-json\/wp\/v2\/types\/product"}],"wp:featuredmedia":[{"embeddable":true,"href":"https:\/\/www.pastificiograziano.it\/es\/wp-json\/wp\/v2\/media\/2876"}],"wp:attachment":[{"href":"https:\/\/www.pastificiograziano.it\/es\/wp-json\/wp\/v2\/media?parent=2870"}],"wp:term":[{"taxonomy":"product_brand","embeddable":true,"href":"https:\/\/www.pastificiograziano.it\/es\/wp-json\/wp\/v2\/product_brand?post=2870"},{"taxonomy":"product_cat","embeddable":true,"href":"https:\/\/www.pastificiograziano.it\/es\/wp-json\/wp\/v2\/product_cat?post=2870"},{"taxonomy":"product_tag","embeddable":true,"href":"https:\/\/www.pastificiograziano.it\/es\/wp-json\/wp\/v2\/product_tag?post=2870"}],"curies":[{"name":"wp","href":"https:\/\/api.w.org\/{rel}","templated":true}]}}